{"id":556,"date":"2017-09-28T22:41:16","date_gmt":"2017-09-28T20:41:16","guid":{"rendered":"http:\/\/wp.amed.net.pl\/?page_id=556"},"modified":"2026-01-08T17:57:48","modified_gmt":"2026-01-08T16:57:48","slug":"kontakt","status":"publish","type":"page","link":"https:\/\/amed.net.pl\/index.php\/kontakt\/","title":{"rendered":"Kontakt"},"content":{"rendered":"<p>[et_pb_section fb_built=&#8221;1&#8243; _builder_version=&#8221;4.16&#8243; custom_padding=&#8221;45.9318px|0px|0|0px|false|false&#8221; global_colors_info=&#8221;{}&#8221;][et_pb_row _builder_version=&#8221;4.16&#8243; background_size=&#8221;initial&#8221; background_position=&#8221;top_left&#8221; background_repeat=&#8221;repeat&#8221; global_colors_info=&#8221;{}&#8221;][et_pb_column type=&#8221;4_4&#8243; _builder_version=&#8221;4.16&#8243; custom_padding=&#8221;|||&#8221; global_colors_info=&#8221;{}&#8221; custom_padding__hover=&#8221;|||&#8221;][et_pb_social_media_follow follow_button=&#8221;on&#8221; _builder_version=&#8221;4.16&#8243; background_layout=&#8221;dark&#8221; global_colors_info=&#8221;{}&#8221;][et_pb_social_media_follow_network social_network=&#8221;facebook&#8221; url=&#8221;https:\/\/www.facebook.com\/AmedPolska\/&#8221; _builder_version=&#8221;4.16&#8243; background_color=&#8221;#e09900&#8243; global_colors_info=&#8221;{}&#8221; follow_button=&#8221;on&#8221; url_new_window=&#8221;on&#8221;]facebook[\/et_pb_social_media_follow_network][\/et_pb_social_media_follow][et_pb_text _builder_version=&#8221;4.16&#8243; background_color=&#8221;rgba(188,188,188,0.29)&#8221; custom_padding=&#8221;30px||30px|&#8221; global_colors_info=&#8221;{}&#8221;]<\/p>\n<h1 style=\"text-align: center;\"><strong>Dzia\u0142 Handlowy<\/strong><\/h1>\n<p>[\/et_pb_text][\/et_pb_column][\/et_pb_row][\/et_pb_section][et_pb_section fb_built=&#8221;1&#8243; specialty=&#8221;on&#8221; _builder_version=&#8221;4.16&#8243; global_colors_info=&#8221;{}&#8221;][et_pb_column type=&#8221;3_4&#8243; specialty_columns=&#8221;3&#8243; _builder_version=&#8221;4.16&#8243; custom_padding=&#8221;|||&#8221; global_colors_info=&#8221;{}&#8221; custom_padding__hover=&#8221;|||&#8221;][et_pb_row_inner column_structure=&#8221;1_3,1_3,1_3&#8243; _builder_version=&#8221;4.16&#8243; global_colors_info=&#8221;{}&#8221;][et_pb_column_inner type=&#8221;1_3&#8243; saved_specialty_column_type=&#8221;3_4&#8243; _builder_version=&#8221;4.16&#8243; custom_padding=&#8221;|||&#8221; global_colors_info=&#8221;{}&#8221; custom_padding__hover=&#8221;|||&#8221;][et_pb_blurb title=&#8221;Karina Kujawi\u0144ska  &#8221; image=&#8221;https:\/\/amed.net.pl\/wp-content\/uploads\/2024\/12\/Karina-Kujawinska.png&#8221; image_icon_width=&#8221;63%&#8221; _builder_version=&#8221;4.27.4&#8243; box_shadow_style_image=&#8221;preset2&#8243; image_max_width=&#8221;60%&#8221; global_colors_info=&#8221;{}&#8221;]<\/p>\n<p>tel. +48 793 533 376<\/p>\n<p>email: karina@amed.net.pl<\/p>\n<p>Region: mazowieckie<\/p>\n<p>[\/et_pb_blurb][\/et_pb_column_inner][et_pb_column_inner type=&#8221;1_3&#8243; saved_specialty_column_type=&#8221;3_4&#8243; _builder_version=&#8221;4.16&#8243; custom_padding=&#8221;|||&#8221; global_colors_info=&#8221;{}&#8221; custom_padding__hover=&#8221;|||&#8221;][et_pb_blurb title=&#8221;Katarzyna \u0141yszczy\u0144ska  &#8221; image=&#8221;https:\/\/amed.net.pl\/wp-content\/uploads\/2024\/12\/Katarzyna-Lyszczynska.png&#8221; image_icon_width=&#8221;63%&#8221; _builder_version=&#8221;4.27.4&#8243; box_shadow_style_image=&#8221;preset2&#8243; image_max_width=&#8221;63%&#8221; global_colors_info=&#8221;{}&#8221;]<\/p>\n<p>tel. +48 786 266 266<\/p>\n<p>email: katarzyna@amed.net.pl<\/p>\n<p>Region: pomorskie, \u0142\u00f3dzkie, lubuskie<\/p>\n<p>[\/et_pb_blurb][\/et_pb_column_inner][et_pb_column_inner type=&#8221;1_3&#8243; saved_specialty_column_type=&#8221;3_4&#8243; _builder_version=&#8221;4.16&#8243; custom_padding=&#8221;|||&#8221; global_colors_info=&#8221;{}&#8221; custom_padding__hover=&#8221;|||&#8221;][et_pb_blurb title=&#8221;Beata Owczarek &#8211; Kowalczyk&#8221; image=&#8221;https:\/\/amed.net.pl\/wp-content\/uploads\/2024\/12\/Beata-Owczarek.png&#8221; image_icon_width=&#8221;63%&#8221; _builder_version=&#8221;4.27.5&#8243; hover_enabled=&#8221;0&#8243; box_shadow_style_image=&#8221;preset2&#8243; image_max_width=&#8221;63%&#8221; global_colors_info=&#8221;{}&#8221; sticky_enabled=&#8221;0&#8243;]<\/p>\n<p>tel. +48 793 533 379<\/p>\n<p>email: beata@amed.net.pl<\/p>\n<p>Region: dolno\u015bl\u0105skie, lubelskie<\/p>\n<p>[\/et_pb_blurb][\/et_pb_column_inner][\/et_pb_row_inner][et_pb_row_inner column_structure=&#8221;1_3,1_3,1_3&#8243; _builder_version=&#8221;4.16&#8243; global_colors_info=&#8221;{}&#8221;][et_pb_column_inner type=&#8221;1_3&#8243; saved_specialty_column_type=&#8221;3_4&#8243; _builder_version=&#8221;4.16&#8243; custom_padding=&#8221;|||&#8221; global_colors_info=&#8221;{}&#8221; custom_padding__hover=&#8221;|||&#8221;][et_pb_blurb title=&#8221;Monika Rybarczyk  &#8221; image=&#8221;https:\/\/amed.net.pl\/wp-content\/uploads\/2019\/04\/Monika-Rybarczyk.jpg&#8221; image_icon_width=&#8221;60%&#8221; _builder_version=&#8221;4.16&#8243; box_shadow_style_image=&#8221;preset2&#8243; image_max_width=&#8221;60%&#8221; global_colors_info=&#8221;{}&#8221;]<\/p>\n<p>tel. +48 509 777 564<\/p>\n<p>email: monika@amed.net.pl<\/p>\n<p>Region: ma\u0142opolskie, \u015bl\u0105skie<\/p>\n<p>[\/et_pb_blurb][\/et_pb_column_inner][et_pb_column_inner type=&#8221;1_3&#8243; saved_specialty_column_type=&#8221;3_4&#8243; _builder_version=&#8221;4.16&#8243; custom_padding=&#8221;|||&#8221; global_colors_info=&#8221;{}&#8221; custom_padding__hover=&#8221;|||&#8221;][et_pb_blurb title=&#8221;Ewelina Paw\u0142owska&#8221; image=&#8221;https:\/\/amed.net.pl\/wp-content\/uploads\/2024\/12\/Ewelina-Pawlowska.png&#8221; image_icon_width=&#8221;63%&#8221; _builder_version=&#8221;4.27.4&#8243; image_max_width=&#8221;60%&#8221; global_colors_info=&#8221;{}&#8221;]<\/p>\n<p>tel. +48 786 166 166<\/p>\n<p>email: ewelina@amed.net.pl<\/p>\n<p>Region: wielkopolskie, kujawsko-pomorskie, opolskie, \u015bwi\u0119tokrzyskie<\/p>\n<p>[\/et_pb_blurb][\/et_pb_column_inner][et_pb_column_inner type=&#8221;1_3&#8243; saved_specialty_column_type=&#8221;3_4&#8243; _builder_version=&#8221;4.16&#8243; custom_padding=&#8221;|||&#8221; global_colors_info=&#8221;{}&#8221; custom_padding__hover=&#8221;|||&#8221;][et_pb_blurb title=&#8221;Karina Goral&#8221; image=&#8221;https:\/\/amed.net.pl\/wp-content\/uploads\/2024\/12\/Karina-Petynia.png&#8221; image_icon_width=&#8221;63%&#8221; _builder_version=&#8221;4.27.5&#8243; hover_enabled=&#8221;0&#8243; image_max_width=&#8221;63%&#8221; global_colors_info=&#8221;{}&#8221; sticky_enabled=&#8221;0&#8243;]<\/p>\n<p>tel. +48 786 168 666<\/p>\n<p>email: petynia@amed.net.pl<\/p>\n<p>Region: zachodnio-pomorskie, podkarpackie, warmi\u0144sko-mazurskie, podlaskie<\/p>\n<p>&nbsp;<\/p>\n<p>[\/et_pb_blurb][\/et_pb_column_inner][\/et_pb_row_inner][et_pb_row_inner column_structure=&#8221;1_3,1_3,1_3&#8243; _builder_version=&#8221;4.16&#8243; global_colors_info=&#8221;{}&#8221;][et_pb_column_inner type=&#8221;1_3&#8243; saved_specialty_column_type=&#8221;3_4&#8243; _builder_version=&#8221;4.16&#8243; custom_padding=&#8221;|||&#8221; global_colors_info=&#8221;{}&#8221; custom_padding__hover=&#8221;|||&#8221;][et_pb_blurb title=&#8221;Karolina Wojtecka&#8221; image=&#8221;https:\/\/amed.net.pl\/wp-content\/uploads\/2024\/12\/Karolina-Wojtecka.png&#8221; image_icon_width=&#8221;63%&#8221; _builder_version=&#8221;4.27.4&#8243; image_max_width=&#8221;63%&#8221; global_colors_info=&#8221;{}&#8221;]<\/p>\n<p>tel. +48 786 266 666<\/p>\n<p>email: karolina@amed.net.pl<\/p>\n<p>Region: ca\u0142a Polska<\/p>\n<p>Zaopatrzenie i logistyka<\/p>\n<p>&nbsp;<\/p>\n<p>[\/et_pb_blurb][\/et_pb_column_inner][et_pb_column_inner type=&#8221;1_3&#8243; saved_specialty_column_type=&#8221;3_4&#8243; _builder_version=&#8221;4.16&#8243; custom_padding=&#8221;|||&#8221; global_colors_info=&#8221;{}&#8221; custom_padding__hover=&#8221;|||&#8221;][\/et_pb_column_inner][et_pb_column_inner type=&#8221;1_3&#8243; saved_specialty_column_type=&#8221;3_4&#8243; _builder_version=&#8221;4.16&#8243; custom_padding=&#8221;|||&#8221; global_colors_info=&#8221;{}&#8221; custom_padding__hover=&#8221;|||&#8221;][\/et_pb_column_inner][\/et_pb_row_inner][\/et_pb_column][et_pb_column type=&#8221;1_4&#8243; _builder_version=&#8221;4.16&#8243; custom_padding=&#8221;|||&#8221; global_colors_info=&#8221;{}&#8221; custom_padding__hover=&#8221;|||&#8221;][et_pb_text admin_label=&#8221;Text&#8221; _builder_version=&#8221;4.20.2&#8243; text_text_color=&#8221;#000000&#8243; background_size=&#8221;initial&#8221; background_position=&#8221;top_left&#8221; background_repeat=&#8221;repeat&#8221; module_alignment=&#8221;left&#8221; global_colors_info=&#8221;{}&#8221;]<\/p>\n<p id=\"kontaktAmed\"><strong>AMED S.K.A.<\/strong><\/p>\n<p><span>Kokanin 84B<\/span><\/p>\n<p><span>62-817 \u017belazk\u00f3w, Polska<\/span><\/p>\n<p>NIP: 618-219-17-17<\/p>\n<p><strong><span class=\"textBlue\">Numer konta do wp\u0142at<\/span><\/strong><\/p>\n<div><span>AMED Robert Och\u0119dzan S.K.A.<\/span><\/div>\n<div>\n<p><span>Kokanin 84B, <\/span><span style=\"font-size: 14px;\">62-817 \u017belazk\u00f3w, <\/span><span style=\"font-size: 14px;\">Polska<\/span><\/p>\n<p><span style=\"color: #000000;\">mBank , SWIFT: BREXPLPW<\/span><\/p>\n<p><span>\/PLN\/ Nr.:\u00a0<\/span><span>PL31 1140 1993 0000 2478 7400 1001\u00a0<\/span><\/p>\n<p><span style=\"color: #000000;\">\/EUR\/ No.:\u00a0PL74 1140 1993 0000 2478 7400 1003<\/span><\/p>\n<p><span style=\"color: #000000;\">\/USD\/ No.:\u00a0PL47 1140 1993 0000 2478 7400 1004<\/span><\/p>\n<p><span style=\"color: #000000;\">\/GBP\/ No.:\u00a0PL20 1140 1993 0000 2478 7400 1005<\/span><\/p>\n<p><span style=\"color: #000000;\"><\/span><\/p>\n<\/div>\n<p><strong><span class=\"textBlue\">Dzia\u0142 Handlowy<\/span><\/strong><br \/>godziny pracy 8.00 &#8211; 17.00<br \/>(poniedzia\u0142ek &#8211; pi\u0105tek)<\/p>\n<p><span class=\"textBlue\">tel.<\/span>: 62 764 96 62<br \/><span class=\"textBlue\">tel.<\/span>: 62 764 96 67<br \/><span class=\"textBlue\">fax.<\/span>\u00a062 764 08 94<br \/>Infolinia: 796 880 880<\/p>\n<p>e-mail:\u00a0<a href=\"mailto:info@amed.net.pl\">info@amed.net.pl<\/a><br \/>e-mail:\u00a0<a href=\"mailto:sklep@amed.net.pl\">sklep@amed.net.pl<\/a><\/p>\n<p><a href=\"https:\/\/www.amed.net.pl\/\">www.amed.net.pl<\/a><br \/><a href=\"http:\/\/www.sklep.amed.net.pl\/\" target=\"_blank\" rel=\"noopener noreferrer\">www.sklep.amed.net.pl<\/a><\/p>\n<p>&nbsp;<\/p>\n<p>[\/et_pb_text][\/et_pb_column][\/et_pb_section]<\/p>\n","protected":false},"excerpt":{"rendered":"<p>Dzia\u0142 Handlowytel. +48 793 533 376 email: karina@amed.net.pl Region: mazowieckietel. +48 786 266 266 email: katarzyna@amed.net.pl Region: pomorskie, \u0142\u00f3dzkie, lubuskietel. +48 793 533 379 email: beata@amed.net.pl Region: dolno\u015bl\u0105skie, lubelskietel. +48 509 777 564 email: monika@amed.net.pl Region: ma\u0142opolskie, \u015bl\u0105skietel. +48 786 166 166 email: ewelina@amed.net.pl Region: wielkopolskie, kujawsko-pomorskie, opolskie, \u015bwi\u0119tokrzyskietel. +48 786 168 666 email: petynia@amed.net.pl [&hellip;]<\/p>\n","protected":false},"author":2,"featured_media":0,"parent":0,"menu_order":0,"comment_status":"closed","ping_status":"closed","template":"","meta":{"_et_pb_use_builder":"on","_et_pb_old_content":"","_et_gb_content_width":"","footnotes":""},"class_list":["post-556","page","type-page","status-publish","hentry"],"yoast_head":"<!-- This site is optimized with the Yoast SEO plugin v27.5 - https:\/\/yoast.com\/product\/yoast-seo-wordpress\/ -->\n<title>Kontakt - amed.net.pl<\/title>\n<meta name=\"robots\" content=\"index, follow, max-snippet:-1, max-image-preview:large, max-video-preview:-1\" \/>\n<link rel=\"canonical\" href=\"https:\/\/amed.net.pl\/index.php\/kontakt\/\" \/>\n<meta property=\"og:locale\" content=\"pl_PL\" \/>\n<meta property=\"og:type\" content=\"article\" \/>\n<meta property=\"og:title\" content=\"Kontakt - amed.net.pl\" \/>\n<meta property=\"og:description\" content=\"Dzia\u0142 Handlowytel. +48 793 533 376 email: karina@amed.net.pl Region: mazowieckietel. +48 786 266 266 email: katarzyna@amed.net.pl Region: pomorskie, \u0142\u00f3dzkie, lubuskietel. +48 793 533 379 email: beata@amed.net.pl Region: dolno\u015bl\u0105skie, lubelskietel. +48 509 777 564 email: monika@amed.net.pl Region: ma\u0142opolskie, \u015bl\u0105skietel. +48 786 166 166 email: ewelina@amed.net.pl Region: wielkopolskie, kujawsko-pomorskie, opolskie, \u015bwi\u0119tokrzyskietel. +48 786 168 666 email: petynia@amed.net.pl [&hellip;]\" \/>\n<meta property=\"og:url\" content=\"https:\/\/amed.net.pl\/index.php\/kontakt\/\" \/>\n<meta property=\"og:site_name\" content=\"amed.net.pl\" \/>\n<meta property=\"article:modified_time\" content=\"2026-01-08T16:57:48+00:00\" \/>\n<meta name=\"twitter:card\" content=\"summary_large_image\" \/>\n<meta name=\"twitter:label1\" content=\"Szacowany czas czytania\" \/>\n\t<meta name=\"twitter:data1\" content=\"4 minuty\" \/>\n<script type=\"application\/ld+json\" class=\"yoast-schema-graph\">{\"@context\":\"https:\\\/\\\/schema.org\",\"@graph\":[{\"@type\":\"WebPage\",\"@id\":\"https:\\\/\\\/amed.net.pl\\\/index.php\\\/kontakt\\\/\",\"url\":\"https:\\\/\\\/amed.net.pl\\\/index.php\\\/kontakt\\\/\",\"name\":\"Kontakt - amed.net.pl\",\"isPartOf\":{\"@id\":\"https:\\\/\\\/amed.net.pl\\\/#website\"},\"datePublished\":\"2017-09-28T20:41:16+00:00\",\"dateModified\":\"2026-01-08T16:57:48+00:00\",\"breadcrumb\":{\"@id\":\"https:\\\/\\\/amed.net.pl\\\/index.php\\\/kontakt\\\/#breadcrumb\"},\"inLanguage\":\"pl-PL\",\"potentialAction\":[{\"@type\":\"ReadAction\",\"target\":[\"https:\\\/\\\/amed.net.pl\\\/index.php\\\/kontakt\\\/\"]}]},{\"@type\":\"BreadcrumbList\",\"@id\":\"https:\\\/\\\/amed.net.pl\\\/index.php\\\/kontakt\\\/#breadcrumb\",\"itemListElement\":[{\"@type\":\"ListItem\",\"position\":1,\"name\":\"Strona g\u0142\u00f3wna\",\"item\":\"https:\\\/\\\/amed.net.pl\\\/\"},{\"@type\":\"ListItem\",\"position\":2,\"name\":\"Kontakt\"}]},{\"@type\":\"WebSite\",\"@id\":\"https:\\\/\\\/amed.net.pl\\\/#website\",\"url\":\"https:\\\/\\\/amed.net.pl\\\/\",\"name\":\"amed.net.pl\",\"description\":\"Firma AMED - Lider w zaopatrzenie gabinet\u00f3w lekarskich: wzierniki ginekologiczne, wk\u0142adki wewn\u0105trzmaciczne, szczoteczki cytologiczne, cytologia, papiery USG, os\u0142onki do USG\",\"potentialAction\":[{\"@type\":\"SearchAction\",\"target\":{\"@type\":\"EntryPoint\",\"urlTemplate\":\"https:\\\/\\\/amed.net.pl\\\/?s={search_term_string}\"},\"query-input\":{\"@type\":\"PropertyValueSpecification\",\"valueRequired\":true,\"valueName\":\"search_term_string\"}}],\"inLanguage\":\"pl-PL\"}]}<\/script>\n<!-- \/ Yoast SEO plugin. -->","yoast_head_json":{"title":"Kontakt - amed.net.pl","robots":{"index":"index","follow":"follow","max-snippet":"max-snippet:-1","max-image-preview":"max-image-preview:large","max-video-preview":"max-video-preview:-1"},"canonical":"https:\/\/amed.net.pl\/index.php\/kontakt\/","og_locale":"pl_PL","og_type":"article","og_title":"Kontakt - amed.net.pl","og_description":"Dzia\u0142 Handlowytel. +48 793 533 376 email: karina@amed.net.pl Region: mazowieckietel. +48 786 266 266 email: katarzyna@amed.net.pl Region: pomorskie, \u0142\u00f3dzkie, lubuskietel. +48 793 533 379 email: beata@amed.net.pl Region: dolno\u015bl\u0105skie, lubelskietel. +48 509 777 564 email: monika@amed.net.pl Region: ma\u0142opolskie, \u015bl\u0105skietel. +48 786 166 166 email: ewelina@amed.net.pl Region: wielkopolskie, kujawsko-pomorskie, opolskie, \u015bwi\u0119tokrzyskietel. +48 786 168 666 email: petynia@amed.net.pl [&hellip;]","og_url":"https:\/\/amed.net.pl\/index.php\/kontakt\/","og_site_name":"amed.net.pl","article_modified_time":"2026-01-08T16:57:48+00:00","twitter_card":"summary_large_image","twitter_misc":{"Szacowany czas czytania":"4 minuty"},"schema":{"@context":"https:\/\/schema.org","@graph":[{"@type":"WebPage","@id":"https:\/\/amed.net.pl\/index.php\/kontakt\/","url":"https:\/\/amed.net.pl\/index.php\/kontakt\/","name":"Kontakt - amed.net.pl","isPartOf":{"@id":"https:\/\/amed.net.pl\/#website"},"datePublished":"2017-09-28T20:41:16+00:00","dateModified":"2026-01-08T16:57:48+00:00","breadcrumb":{"@id":"https:\/\/amed.net.pl\/index.php\/kontakt\/#breadcrumb"},"inLanguage":"pl-PL","potentialAction":[{"@type":"ReadAction","target":["https:\/\/amed.net.pl\/index.php\/kontakt\/"]}]},{"@type":"BreadcrumbList","@id":"https:\/\/amed.net.pl\/index.php\/kontakt\/#breadcrumb","itemListElement":[{"@type":"ListItem","position":1,"name":"Strona g\u0142\u00f3wna","item":"https:\/\/amed.net.pl\/"},{"@type":"ListItem","position":2,"name":"Kontakt"}]},{"@type":"WebSite","@id":"https:\/\/amed.net.pl\/#website","url":"https:\/\/amed.net.pl\/","name":"amed.net.pl","description":"Firma AMED - Lider w zaopatrzenie gabinet\u00f3w lekarskich: wzierniki ginekologiczne, wk\u0142adki wewn\u0105trzmaciczne, szczoteczki cytologiczne, cytologia, papiery USG, os\u0142onki do USG","potentialAction":[{"@type":"SearchAction","target":{"@type":"EntryPoint","urlTemplate":"https:\/\/amed.net.pl\/?s={search_term_string}"},"query-input":{"@type":"PropertyValueSpecification","valueRequired":true,"valueName":"search_term_string"}}],"inLanguage":"pl-PL"}]}},"_links":{"self":[{"href":"https:\/\/amed.net.pl\/index.php\/wp-json\/wp\/v2\/pages\/556","targetHints":{"allow":["GET"]}}],"collection":[{"href":"https:\/\/amed.net.pl\/index.php\/wp-json\/wp\/v2\/pages"}],"about":[{"href":"https:\/\/amed.net.pl\/index.php\/wp-json\/wp\/v2\/types\/page"}],"author":[{"embeddable":true,"href":"https:\/\/amed.net.pl\/index.php\/wp-json\/wp\/v2\/users\/2"}],"replies":[{"embeddable":true,"href":"https:\/\/amed.net.pl\/index.php\/wp-json\/wp\/v2\/comments?post=556"}],"version-history":[{"count":33,"href":"https:\/\/amed.net.pl\/index.php\/wp-json\/wp\/v2\/pages\/556\/revisions"}],"predecessor-version":[{"id":5217,"href":"https:\/\/amed.net.pl\/index.php\/wp-json\/wp\/v2\/pages\/556\/revisions\/5217"}],"wp:attachment":[{"href":"https:\/\/amed.net.pl\/index.php\/wp-json\/wp\/v2\/media?parent=556"}],"curies":[{"name":"wp","href":"https:\/\/api.w.org\/{rel}","templated":true}]}}